{"id":1406,"date":"2018-01-09T17:57:26","date_gmt":"2018-01-09T16:57:26","guid":{"rendered":"https:\/\/www.saforturisme.org\/municipi\/benifairo-de-la-valldigna\/"},"modified":"2018-06-22T14:10:43","modified_gmt":"2018-06-22T12:10:43","slug":"benifairo-de-la-valldigna","status":"publish","type":"municipi","link":"https:\/\/www.saforturisme.org\/es\/municipio\/benifairo-de-la-valldigna\/","title":{"rendered":"Benifair\u00f3 de la Valldigna"},"content":{"rendered":"<p>En los pasados \u200b\u200ba\u00f1os el municipio ha recuperado la senda del Castillo de Mariny\u00e9n, que hab\u00eda permanecido inexpugnable durante d\u00e9cadas. Esta fortaleza es conocida como el Castillo de la Reina Mora, ya que la tradici\u00f3n oral cuenta que una soberana musulmana se lanz\u00f3 por la ventana.<\/p>\n<p>La situaci\u00f3n del t\u00e9rmino, entre la Sierra de las Agujas y el macizo del Mond\u00faver, as\u00ed como el eje vertebrador del r\u00edo Vaca, convierte Benifair\u00f3 en el punto de partida perfecto para excursionistas, incluso para los que practican la escalada tienen dos magn\u00edficas oportunidades a la Aguja Fonda o la Aguja Foradada.<\/p>\n<p><strong>Gentilicio:\u00a0<\/strong>Benifaironera, benifaironero<\/p>\n<p><strong>Oficina de Turismo &#8211;\u00a0Benifair\u00f3 de la Valldigna:<\/strong> 962885264\u00a0(Tourist Info Tavernes)<\/p>\n<p><strong>Recursos naturales:<\/strong><\/p>\n<ul>\n<li>Mass\u00eds del Mond\u00faver<\/li>\n<li>Pla del Barber<\/li>\n<li>Vall de Valldigna<\/li>\n<li>Font Fontarda<\/li>\n<\/ul>\n","protected":false},"excerpt":{"rendered":"<p>Dar un paseo por Benifair\u00f3 de la Valldigna es transitar entre la naturaleza y la leyenda.<\/p>\n","protected":false},"featured_media":1062,"template":"","_links":{"self":[{"href":"https:\/\/www.saforturisme.org\/es\/wp-json\/wp\/v2\/municipi\/1406"}],"collection":[{"href":"https:\/\/www.saforturisme.org\/es\/wp-json\/wp\/v2\/municipi"}],"about":[{"href":"https:\/\/www.saforturisme.org\/es\/wp-json\/wp\/v2\/types\/municipi"}],"wp:featuredmedia":[{"embeddable":true,"href":"https:\/\/www.saforturisme.org\/es\/wp-json\/wp\/v2\/media\/1062"}],"wp:attachment":[{"href":"https:\/\/www.saforturisme.org\/es\/wp-json\/wp\/v2\/media?parent=1406"}],"curies":[{"name":"wp","href":"https:\/\/api.w.org\/{rel}","templated":true}]}}