{"id":1390,"date":"2018-01-09T17:55:49","date_gmt":"2018-01-09T16:55:49","guid":{"rendered":"https:\/\/www.saforturisme.org\/municipi\/ador\/"},"modified":"2018-06-22T14:24:14","modified_gmt":"2018-06-22T12:24:14","slug":"ador","status":"publish","type":"municipi","link":"https:\/\/www.saforturisme.org\/es\/municipio\/ador\/","title":{"rendered":"Ador"},"content":{"rendered":"<p>A sus pies se extiende la huerta hasta el mar y a las espaldas de la monta\u00f1a. Las m\u00faltiples fuentes, barrancos y la vegetaci\u00f3n de la Sierra d&#8217;Ador convierten al SL-CV59, sendero local homologado, en uno de los imprescindibles para los excursionistas.<\/p>\n<p>En Ador podemos encontrar los restos romanos m\u00e1s importantes de la comarca, en la partida Raconch y en el pla de l\u2019Alf\u00e0s. Entre los descubrimientos m\u00e1s relevantes destaca la existencia de una mansi\u00f3n con sistema de calefacci\u00f3n. En 1250 se construy\u00f3 su ermita, sobre el Cabezo, y\u00a0 es uno de los mejores lugares para fotografiar y observar la comarca.<\/p>\n<p>Horario de autobuses:\u00a0<a href=\"http:\/\/www.ador.es\/es\/page\/horario-autobuses\" target=\"_blank\" rel=\"noopener\">http:\/\/www.ador.es\/es\/page\/horario-autobuses<\/a><\/p>\n<p><strong>Gentilicio:<\/strong>\u00a0adorera, adorero<\/p>\n<p><strong>Oficina de Turismo &#8211; Ador:<\/strong> Pla\u00e7a de la Font. (962808008)<\/p>\n<p><strong>Recursos Naturales:<\/strong><\/p>\n<ul>\n<li>Muntanya de l&#8217;Ermita<\/li>\n<li>Font de la Murtera<\/li>\n<li>Font del Cister<\/li>\n<li>Font de l&#8217;Asister<\/li>\n<li>Font de la Canaleta<\/li>\n<li>Cova de l&#8217;Alcalde<\/li>\n<li>Serra d&#8217;Ador<\/li>\n<\/ul>\n<p>&nbsp;<\/p>\n","protected":false},"excerpt":{"rendered":"<p>Conocida como el balc\u00f3n de la Safor, goza de una de las vistas m\u00e1s bonitas de la comarca.<\/p>\n","protected":false},"featured_media":1076,"template":"","_links":{"self":[{"href":"https:\/\/www.saforturisme.org\/es\/wp-json\/wp\/v2\/municipi\/1390"}],"collection":[{"href":"https:\/\/www.saforturisme.org\/es\/wp-json\/wp\/v2\/municipi"}],"about":[{"href":"https:\/\/www.saforturisme.org\/es\/wp-json\/wp\/v2\/types\/municipi"}],"wp:featuredmedia":[{"embeddable":true,"href":"https:\/\/www.saforturisme.org\/es\/wp-json\/wp\/v2\/media\/1076"}],"wp:attachment":[{"href":"https:\/\/www.saforturisme.org\/es\/wp-json\/wp\/v2\/media?parent=1390"}],"curies":[{"name":"wp","href":"https:\/\/api.w.org\/{rel}","templated":true}]}}