{"id":2630,"date":"2018-01-09T18:00:01","date_gmt":"2018-01-09T17:00:01","guid":{"rendered":"https:\/\/www.saforturisme.org\/municipi\/llocnou-de-sant-jeroni\/"},"modified":"2021-09-27T17:28:07","modified_gmt":"2021-09-27T15:28:07","slug":"llocnou-de-sant-jeroni","status":"publish","type":"municipi","link":"https:\/\/www.saforturisme.org\/de\/municipi\/llocnou-de-sant-jeroni\/","title":{"rendered":"Llocnou de Sant Jeroni"},"content":{"rendered":"<p>Einer der charakteristischsten Orte ist La Granja, ein ehemaliger Erholungs- und Verwaltungsbereich der M\u00f6nche. Der Hauptanziehungspunkt f\u00fcr den Tourismus ist seine Lage im Vernissa-Tal, das von den Gebirgsz\u00fcgen Marxuquera und Ador begrenzt wird und zahlreiche Waldgebiete wie Cuta und L\u2018Ombria sowie zahlreiche Quellen bietet.<\/p>\n<p>Die Hauptroute ist die Route von Vernissa nach la Cuta PR-CV 400, die vier Stunden und vierzig Minuten dauert.<\/p>\n<p><strong>Einwohnerbezeichnung: <\/strong>Llocnou\u00ed, llocnouina<\/p>\n<p><strong>Nat\u00fcrliche Ressourcen:<\/strong><\/p>\n<ul>\n<li>Serra d&#8217;Ador o Serra de la Cuta<\/li>\n<li>Muntanya de la Cuta<\/li>\n<li>Barranc de la Cuta<\/li>\n<li>Tossal del Morqu\u00ed<\/li>\n<li>Vall de Vernissa<\/li>\n<li>Font de la Costera<\/li>\n<li>Font del Frare<\/li>\n<\/ul>\n<p>&nbsp;<\/p>\n","protected":false},"excerpt":{"rendered":"<p>Die Geschichte von Llocnou de Sant Jeroni ist mit der des Klosters Sant Jeroni verbunden. Seit Jahrhunderten sind es die M\u00f6nche, die f\u00fcr die Gestaltung des Ortes verantwortlich sind.<\/p>\n","protected":false},"featured_media":2631,"template":"","_links":{"self":[{"href":"https:\/\/www.saforturisme.org\/de\/wp-json\/wp\/v2\/municipi\/2630"}],"collection":[{"href":"https:\/\/www.saforturisme.org\/de\/wp-json\/wp\/v2\/municipi"}],"about":[{"href":"https:\/\/www.saforturisme.org\/de\/wp-json\/wp\/v2\/types\/municipi"}],"wp:featuredmedia":[{"embeddable":true,"href":"https:\/\/www.saforturisme.org\/de\/wp-json\/wp\/v2\/media\/2631"}],"wp:attachment":[{"href":"https:\/\/www.saforturisme.org\/de\/wp-json\/wp\/v2\/media?parent=2630"}],"curies":[{"name":"wp","href":"https:\/\/api.w.org\/{rel}","templated":true}]}}