{"id":2589,"date":"2018-01-09T17:58:08","date_gmt":"2018-01-09T16:58:08","guid":{"rendered":"https:\/\/www.saforturisme.org\/municipi\/daimus\/"},"modified":"2021-09-27T16:29:40","modified_gmt":"2021-09-27T14:29:40","slug":"daimus","status":"publish","type":"municipi","link":"https:\/\/www.saforturisme.org\/de\/municipi\/daimus\/","title":{"rendered":"Daim\u00fas"},"content":{"rendered":"<p>Sein Strand, bekannt als Els Pedregals, verf\u00fcgt \u00fcber alle Arten von Dienstleistungen und Einrichtungen auf h\u00f6chstem Niveau, und selbst Feinschmecker kommen in einem Restaurant mit Michelin-Stern auf ihre Kosten.<\/p>\n<p>Das Freizeitangebot wird durch verschiedene Bars am Strand erg\u00e4nzt, die in den Sommermonaten Live-Musik und Theaterveranstaltungen organisieren. An der Strandpromenade werden auch zahlreiche Wassersportarten ausge\u00fcbt, und es gibt einen sehr belebten Strandspazierweg. Weitere Attraktionen sind Campingpl\u00e4tze und ein Stellplatz f\u00fcr Wohnwagen.<\/p>\n<p>Im Stadtzentrum kann man den Weg der Via Augusta, die heutige Carrer Assagador, die Casa Gran, ein Herrenhaus aus dem sp\u00e4ten 19. Jahrhundert, sowie die \u00dcberreste des \u00f6rtlichen Waschplatzes und die Gr\u00e4ben, die ihn mit Wasser versorgten, erahnen.<\/p>\n<p><strong>Einwohnerbezeichnung:<\/strong> daimusera, daimuser<\/p>\n<p><strong>Fremdenverkehrsb\u00fcro &#8211; Daim\u00fas:<\/strong> Pla\u00e7a Alcalde Francisco Castell\u00f3 s\/n (+34 962803822) <a href=\"mailto:daimus@touristinfo.net\">daimus@touristinfo.net<\/a><\/p>\n<p><strong>Nat\u00fcrliche Ressourcen: <\/strong><\/p>\n<ul>\n<li>Platja de Daim\u00fas<\/li>\n<li>Platja dels Pedregals<\/li>\n<\/ul>\n<p>&nbsp;<\/p>\n","protected":false},"excerpt":{"rendered":"<p>Tradicionalment, Daim\u00fas ha estat un poble agr\u00edcola per\u00f2, des dels anys 60, ha fet una clara aposta pel turisme.<\/p>\n","protected":false},"featured_media":2590,"template":"","_links":{"self":[{"href":"https:\/\/www.saforturisme.org\/de\/wp-json\/wp\/v2\/municipi\/2589"}],"collection":[{"href":"https:\/\/www.saforturisme.org\/de\/wp-json\/wp\/v2\/municipi"}],"about":[{"href":"https:\/\/www.saforturisme.org\/de\/wp-json\/wp\/v2\/types\/municipi"}],"wp:featuredmedia":[{"embeddable":true,"href":"https:\/\/www.saforturisme.org\/de\/wp-json\/wp\/v2\/media\/2590"}],"wp:attachment":[{"href":"https:\/\/www.saforturisme.org\/de\/wp-json\/wp\/v2\/media?parent=2589"}],"curies":[{"name":"wp","href":"https:\/\/api.w.org\/{rel}","templated":true}]}}